{"id":5269,"date":"2022-10-13T07:57:05","date_gmt":"2022-10-13T05:57:05","guid":{"rendered":"https:\/\/berlinusk.org\/?page_id=5269"},"modified":"2025-03-30T13:35:53","modified_gmt":"2025-03-30T11:35:53","slug":"aktuell","status":"publish","type":"page","link":"https:\/\/berlinusk.org\/en\/aktuell\/","title":{"rendered":"aktuell"},"content":{"rendered":"<p><\/p>\n\n\n\n<p class=\"has-large-font-size\">Online Monatsthema April 2025<\/p>\n\n\n\n<p class=\"has-secondary-color has-text-color has-link-color wp-elements-9e5802a4895ab972cbff82183d1f7286\">1.-30. April | Monatsthema: \u00abMein Freund der Baum \u2026\u00bb<\/p>\n\n\n\n<p style=\"font-style:normal;font-weight:300\">Wir probieren was Neues: 2025 bereiten wir f\u00fcr jeden Monat ein \u201eMonats-Thema\u201c vor und posten es als \u201evirtuelle Veranstaltung\u201c. Es ist eine Anregung, au\u00dferhalb der Treffen (noch mehr) zu sketchen und die Skizzen hier zu teilen. Zus\u00e4tzlich gibt es all die kleinen und gr\u00f6\u00dferen analogen Treffen, bei denen wir uns sehen!<\/p>\n\n\n\n<p>Berlin ist fast nirgendwo eine Steinwu\u0308ste, sondern \u2013 glu\u0308cklicherweise! \u2013 voller B\u00e4ume! Neben gro\u00dfen, altehrwu\u0308rdigen , die zum \u201eNatur-Denkmal\u201c geku\u0308rt wurden, wie z. B. die Eiche am Olympia-Stadium, gibt es die B\u00e4ume in den Stra\u00dfen und Parks . Und ganz tapfere, die sich aus dunklen Hinterhofecken zum Licht k\u00e4mpfen oder auf Verkehrsinseln zwischen Abgasen u\u0308berleben.<br>Das ist das Thema im April: Portr\u00e4tiert einen Berliner Baum. Oder mehrere. Natu\u0308rlich im \u201eurbanen Umfeld\u201c. Erz\u00e4hlt, was ihn fu\u0308r Euch besonders macht. Wer mag, kann auch zus\u00e4tzlich einen \u201eAusflug\u201c ins Nature Journaling machen und der Seite Interessantes u\u0308ber die Art, oder Detailskizzen von Blu\u0308ten, \u00c4sten, Bl\u00e4ttern oder Fru\u0308chten beifu\u0308gen.<br><\/p>\n\n\n\n<p style=\"font-style:normal;font-weight:300\">Das Monatsthema gilt f\u00fcr den ganzen April, dabei zeichnen wir nach dem Manifest der Urban Sketcher!<br>Bitte zeigt (wenn Ihr m\u00f6gt), was Ihr gezeichnet habt, indem Ihr bei Euren Beitr\u00e4gen <a href=\"https:\/\/www.instagram.com\/berlinusk\/?hl=de\" target=\"_blank\" rel=\"noreferrer noopener\">@berlinusk<\/a> als Person auf dem Bild markiert, dann k\u00f6nnen wir es freigeben und es erscheint in unserem Profil f\u00fcr alle sichtbar (sofern Euer Profil \u00f6ffentlich ist).<\/p>\n\n\n\n<figure class=\"wp-block-image size-full\"><img loading=\"lazy\" decoding=\"async\" width=\"600\" height=\"424\" src=\"https:\/\/berlinusk.org\/wp-content\/uploads\/2025\/03\/April_eva.jpg\" alt=\"\" class=\"wp-image-17340\" srcset=\"https:\/\/berlinusk.org\/wp-content\/uploads\/2025\/03\/April_eva.jpg 600w, https:\/\/berlinusk.org\/wp-content\/uploads\/2025\/03\/April_eva-300x212.jpg 300w, https:\/\/berlinusk.org\/wp-content\/uploads\/2025\/03\/April_eva-18x12.jpg 18w\" sizes=\"auto, (max-width: 600px) 100vw, 600px\" \/><figcaption class=\"wp-element-caption\"><em>Illustration von Eva H\u00f6fflin<\/em><br><em>Den Magnolien-Baum in der Bleibtreustra\u00dfe, gleich beim S-Bahnhof Savigny-Platz auf dem Beispiel-Bild, habe ich schon als Teenager bewundert, als ich meinen Vater zum ersten Mal in Berlin besuchte. Immer, wenn ich dran vorbeigehe, freue ich mich, da\u00df er noch da ist und immer wieder blu\u0308ht &#8211; und erinnere mich an meinen Vater, der damals um die Ecke wohnte<\/em>.<\/figcaption><\/figure>\n\n\n\n<hr class=\"wp-block-separator has-alpha-channel-opacity is-style-wide\"\/>\n\n\n\n<p><\/p>\n\n\n\n<p class=\"has-large-font-size\">Online Monatsthema M\u00e4rz 2025<\/p>\n\n\n\n<p class=\"has-secondary-color has-text-color has-link-color wp-elements-38fa2be378c339f9615c0232cedf11e5\">1.-31. M\u00e4rz | Monatsthema: \u00abInterieur\u00bb<\/p>\n\n\n\n<p>Im M\u00e4rz gibt es nochmal ein &#8222;indoor&#8220;-Thema: Interieur. Es geht um Einrichtung. Zeigt uns Ecken Eurer Wohnungen oder B\u00fcros\/Ateliers, Ansichten aus Caf\u00e9s, Gesch\u00e4ften, Wartezimmern. Nur die Kaffeetasse reicht da nicht (das w\u00e4re ein Stillleben).<br>Das Monatsthema gilt f\u00fcr den ganzen M\u00e4rz, dabei zeichnen wir nach dem Manifest der Urban Sketcher!<br>Bitte zeigt (wenn Ihr m\u00f6gt), was Ihr gezeichnet habt, indem Ihr bei Euren Beitr\u00e4gen <a href=\"https:\/\/www.instagram.com\/berlinusk\/?hl=de\" target=\"_blank\" rel=\"noreferrer noopener\">@berlinusk<\/a> als Person auf dem Bild markiert, dann k\u00f6nnen wir es freigeben und es erscheint in unserem Profil f\u00fcr alle sichtbar (sofern Euer Profil \u00f6ffentlich ist).<\/p>\n\n\n\n<figure class=\"wp-block-image size-large\"><img loading=\"lazy\" decoding=\"async\" width=\"1024\" height=\"761\" src=\"https:\/\/berlinusk.org\/wp-content\/uploads\/2025\/02\/481786286_2681106732089954_1115473897700308013_n-1-1024x761.jpg\" alt=\"\" class=\"wp-image-17311\" srcset=\"https:\/\/berlinusk.org\/wp-content\/uploads\/2025\/02\/481786286_2681106732089954_1115473897700308013_n-1-1024x761.jpg 1024w, https:\/\/berlinusk.org\/wp-content\/uploads\/2025\/02\/481786286_2681106732089954_1115473897700308013_n-1-300x223.jpg 300w, https:\/\/berlinusk.org\/wp-content\/uploads\/2025\/02\/481786286_2681106732089954_1115473897700308013_n-1-768x570.jpg 768w, https:\/\/berlinusk.org\/wp-content\/uploads\/2025\/02\/481786286_2681106732089954_1115473897700308013_n-1-16x12.jpg 16w, https:\/\/berlinusk.org\/wp-content\/uploads\/2025\/02\/481786286_2681106732089954_1115473897700308013_n-1.jpg 1077w\" sizes=\"auto, (max-width: 1024px) 100vw, 1024px\" \/><figcaption class=\"wp-element-caption\"><em>Illustration von Katrin Merle<\/em><\/figcaption><\/figure>\n\n\n\n<hr class=\"wp-block-separator has-alpha-channel-opacity is-style-wide\"\/>\n\n\n\n<p class=\"has-large-font-size\">Online Monatsthema Februar 2025<\/p>\n\n\n\n<p><strong>\u00ab<strong>Nimm 3 !<\/strong>\u00bb<\/strong><br>Die \u201eHerausforderung\u201c ist, dass Ihr mit einer \u201elimitierten Palette\u201c sketcht, zeichnet, malt. Genau drei (3 !) unterschiedliche Farben oder Materialien in einem Urban Sketch sind erlaubt!&nbsp; Nicht mehr, nicht weniger \u2026<\/p>\n\n\n\n<p>Zum Beispiel:<br>\u2022 3 verschiedene Aquarellfarben<br>\u2022 oder 1 Bleistift, 1 Fineliner und 1 Aquarellfarbe<br>\u2022 oder Graphitstifte in 3 verschiedenen H\u00e4rtegraden<br>\u2022 oder 1 Bunstift und 2&nbsp; wasservermalbare Wachskreiden<br>\u2022 oder 1 Kohlestift, 1 R\u00f6telkreide und 1 Weissstift<br>\u2022 oder 3 Marker in verschiedenen Farben \u2026<\/p>\n\n\n\n<p>Nat\u00fcrlich darf munter gemischt und \u00fcbereinander gelegt werden. K\u00f6nner mischen ja aus 3 Aquarellfarben alles andere.<\/p>\n\n\n\n<p>Wer mag, vermerkt im Text, welche drei Materialien Ihr verwendet habt.<\/p>\n\n\n\n<p>Auf Instagram gerne taggen: <a href=\"https:\/\/www.instagram.com\/berlinusk\/\" target=\"_blank\" rel=\"noreferrer noopener\">@berlinusk<\/a> und <a href=\"https:\/\/www.instagram.com\/explore\/search\/keyword\/?q=%23berlinusk_mt_jan\" target=\"_blank\" rel=\"noreferrer noopener\">#berlinusk_mt_feb<\/a><\/p>\n\n\n\n<p>Auf Facebook auffindbar unter &#8222;Fr\u00fchere Veranstaltungen&#8220;: <a href=\"https:\/\/fb.me\/e\/91ddMrXYo\" target=\"_blank\" rel=\"noreferrer noopener\">Nimm 3! BerlinUSK Monatsthema<\/a><\/p>\n\n\n\n<figure class=\"wp-block-image size-full is-resized\"><img loading=\"lazy\" decoding=\"async\" width=\"600\" height=\"432\" src=\"https:\/\/berlinusk.org\/wp-content\/uploads\/2025\/01\/Feb2025_Eva.jpg\" alt=\"\" class=\"wp-image-17249\" style=\"width:650px;height:auto\" srcset=\"https:\/\/berlinusk.org\/wp-content\/uploads\/2025\/01\/Feb2025_Eva.jpg 600w, https:\/\/berlinusk.org\/wp-content\/uploads\/2025\/01\/Feb2025_Eva-300x216.jpg 300w\" sizes=\"auto, (max-width: 600px) 100vw, 600px\" \/><figcaption class=\"wp-element-caption\"><em>Zeichnung: Eva H\u00f6fflin<\/em><\/figcaption><\/figure>\n\n\n\n<hr class=\"wp-block-separator has-alpha-channel-opacity is-style-wide\"\/>\n\n\n\n<p class=\"has-large-font-size\">Online Monatsthema Januar 2025<\/p>\n\n\n\n<p>Online-Veranstaltung f\u00fcr den Januar 2025: <strong>\u00abDie Aussicht\u00bb<\/strong><br>Genauer: Die Aussicht aus dem\/ einem\/ mehreren Fenstern bei Euch zuhause. Hinterhof, belebte Strasse, idyllischer Garten? Wer mag, erz\u00e4hlt kurz dazu, z. B. in welchem Stadtteil das ist (bitte keine Adresse!) oder was sonst erw\u00e4hnenswert ist. Das Monatsthema gilt f\u00fcr den ganzen Januar.<\/p>\n\n\n\n<p>Auf Instagram gerne taggen: <a href=\"https:\/\/www.instagram.com\/berlinusk\/\" target=\"_blank\" rel=\"noreferrer noopener\">@berlinusk<\/a> und <a href=\"https:\/\/www.instagram.com\/explore\/search\/keyword\/?q=%23berlinusk_mt_jan\" target=\"_blank\" rel=\"noreferrer noopener\">#berlinusk_mt_jan<\/a><\/p>\n\n\n\n<p>Auf Facebook auffindbar unter &#8222;Fr\u00fchere Veranstaltungen&#8220;: <a href=\"https:\/\/fb.me\/e\/91ddMrXYo\" target=\"_blank\" rel=\"noreferrer noopener\">Aussichten BerlinUSK Monatsthema<\/a><\/p>\n\n\n\n<figure class=\"wp-block-image size-full\"><img loading=\"lazy\" decoding=\"async\" width=\"1008\" height=\"526\" src=\"https:\/\/berlinusk.org\/wp-content\/uploads\/2025\/01\/Januar2025_Eva.jpg\" alt=\"\" class=\"wp-image-17235\" srcset=\"https:\/\/berlinusk.org\/wp-content\/uploads\/2025\/01\/Januar2025_Eva.jpg 1008w, https:\/\/berlinusk.org\/wp-content\/uploads\/2025\/01\/Januar2025_Eva-300x157.jpg 300w, https:\/\/berlinusk.org\/wp-content\/uploads\/2025\/01\/Januar2025_Eva-768x401.jpg 768w\" sizes=\"auto, (max-width: 1008px) 100vw, 1008px\" \/><figcaption class=\"wp-element-caption\"><em>Zeichnung: Eva H\u00f6fflin<\/em><\/figcaption><\/figure>\n\n\n\n<hr class=\"wp-block-separator has-alpha-channel-opacity is-style-wide\"\/>\n\n\n\n<div class=\"wp-block-query is-layout-flow wp-block-query-is-layout-flow\"><ul class=\"wp-block-post-template is-layout-flow wp-block-post-template-is-layout-flow\"><li class=\"wp-block-post post-9814 post type-post status-publish format-standard has-post-thumbnail hentry category-info\">\n<figure style=\"aspect-ratio:auto;\" class=\"wp-block-post-featured-image\"><a href=\"https:\/\/berlinusk.org\/en\/info\/30-mai-2-juni-urban-sketching-auf-dem-comicsalon-erlangen\/\" target=\"_self\"  ><img loading=\"lazy\" decoding=\"async\" width=\"1000\" height=\"1000\" src=\"https:\/\/berlinusk.org\/wp-content\/uploads\/2024\/04\/240419-CoSaErlangen-Insta-015.jpg\" class=\"attachment-post-thumbnail size-post-thumbnail wp-post-image\" alt=\"30. Mai &#8211; 2. Juni | Urban Sketching auf dem Comicsalon Erlangen\" style=\"width:100%;height:100%;object-fit:cover;\" srcset=\"https:\/\/berlinusk.org\/wp-content\/uploads\/2024\/04\/240419-CoSaErlangen-Insta-015.jpg 1000w, https:\/\/berlinusk.org\/wp-content\/uploads\/2024\/04\/240419-CoSaErlangen-Insta-015-300x300.jpg 300w, https:\/\/berlinusk.org\/wp-content\/uploads\/2024\/04\/240419-CoSaErlangen-Insta-015-150x150.jpg 150w, https:\/\/berlinusk.org\/wp-content\/uploads\/2024\/04\/240419-CoSaErlangen-Insta-015-768x768.jpg 768w\" sizes=\"auto, (max-width: 1000px) 100vw, 1000px\" \/><\/a><\/figure>\n\n\n<div class=\"wp-block-group is-nowrap is-layout-flex wp-container-core-group-is-layout-89a94f6a wp-block-group-is-layout-flex\"><div style=\"font-style:normal;font-weight:600;\" class=\"wp-block-post-date has-medium-font-size\"><time datetime=\"2024-04-30T10:29:31+02:00\">30 Apr 2024<\/time><\/div>\n\n\n<p class=\"has-medium-font-size\">|<\/p>\n\n\n<div class=\"wp-block-post-author-name has-medium-font-size\">RS<\/div><\/div>\n\n\n<h3 style=\"margin-top:0;margin-bottom:0;\" class=\"wp-block-post-title\"><a href=\"https:\/\/berlinusk.org\/en\/info\/30-mai-2-juni-urban-sketching-auf-dem-comicsalon-erlangen\/\" target=\"_self\" >30. Mai &#8211; 2. Juni | Urban Sketching auf dem Comicsalon Erlangen<\/a><\/h3>\n\n\n<hr class=\"wp-block-separator has-alpha-channel-opacity is-style-wide\"\/>\n\n<\/li><li class=\"wp-block-post post-9722 post type-post status-publish format-standard hentry category-info\">\n\n\n\n<div class=\"wp-block-group is-nowrap is-layout-flex wp-container-core-group-is-layout-89a94f6a wp-block-group-is-layout-flex\"><div style=\"font-style:normal;font-weight:600;\" class=\"wp-block-post-date has-medium-font-size\"><time datetime=\"2024-04-05T13:56:31+02:00\">5 Apr 2024<\/time><\/div>\n\n\n<p class=\"has-medium-font-size\">|<\/p>\n\n\n<div class=\"wp-block-post-author-name has-medium-font-size\">RS<\/div><\/div>\n\n\n<h3 style=\"margin-top:0;margin-bottom:0;\" class=\"wp-block-post-title\"><a href=\"https:\/\/berlinusk.org\/en\/info\/25-april-2024-ausstellungseroeffnung-faszination-rom-marten-van-heemskerck\/\" target=\"_self\" >25. April 2024 | Ausstellungser\u00f6ffnung &#8222;Faszination Rom. Marten van Heemskerck &#8222;<\/a><\/h3>\n\n\n<hr class=\"wp-block-separator has-alpha-channel-opacity is-style-wide\"\/>\n\n<\/li><li class=\"wp-block-post post-9707 post type-post status-publish format-standard hentry category-info\">\n\n\n\n<div class=\"wp-block-group is-nowrap is-layout-flex wp-container-core-group-is-layout-89a94f6a wp-block-group-is-layout-flex\"><div style=\"font-style:normal;font-weight:600;\" class=\"wp-block-post-date has-medium-font-size\"><time datetime=\"2023-12-29T12:57:48+02:00\">29 Dec 2023<\/time><\/div>\n\n\n<p class=\"has-medium-font-size\">|<\/p>\n\n\n<div class=\"wp-block-post-author-name has-medium-font-size\">RS<\/div><\/div>\n\n\n<h3 style=\"margin-top:0;margin-bottom:0;\" class=\"wp-block-post-title\"><a href=\"https:\/\/berlinusk.org\/en\/info\/29-12-2023-usk-deutschlandtreffen-2024-in-leipzig\/\" target=\"_self\" >USK Deutschlandtreffen 2024 in Leipzig<\/a><\/h3>\n\n\n<hr class=\"wp-block-separator has-alpha-channel-opacity is-style-wide\"\/>\n\n<\/li><\/ul>\n\n<div class=\"wp-block-apedestrian-infinite-scroll\" id=\"apedestrian-infinite-scroll-3\">\n\t<pre class=\"apedestrian-infinite-scroll-data\" style=\"display:none\">{&quot;loadingDistance&quot;:1200,&quot;stickyPosts&quot;:[],&quot;nextPageLink&quot;:&quot;\/en\/wp-json\/wp\/v2\/pages\/5269?query-3-page=2&quot;,&quot;queryId&quot;:3}<\/pre>\n\t\n\n<div class=\"wp-block-apedestrian-infinite-scroll-loading\">\n<p>Loading posts&#8230;<\/p>\n<\/div>\n\n\n\n<div class=\"wp-block-apedestrian-infinite-scroll-end wp-block-apedestrian-infinite-scroll-end--hidden\">\n<p>No more posts<\/p>\n<\/div>\n\n<\/div>\n\n<\/div>","protected":false},"excerpt":{"rendered":"<p>Online Monatsthema April 2025 1.-30. April | Monatsthema: \u00abMein Freund der Baum \u2026\u00bb Wir probieren was Neues: 2025 bereiten wir f\u00fcr jeden Monat ein \u201eMonats-Thema\u201c vor und posten es als \u201evirtuelle Veranstaltung\u201c. Es ist eine Anregung, au\u00dferhalb der Treffen (noch mehr) zu sketchen und die Skizzen hier zu teilen. Zus\u00e4tzlich gibt es all die kleinen [&hellip;]<\/p>\n","protected":false},"author":1,"featured_media":0,"parent":0,"menu_order":0,"comment_status":"closed","ping_status":"closed","template":"","meta":{"footnotes":""},"class_list":["post-5269","page","type-page","status-publish","hentry"],"mb":[],"mfb_rest_fields":["title"],"post_mailing_queue_ids":[],"_links":{"self":[{"href":"https:\/\/berlinusk.org\/en\/wp-json\/wp\/v2\/pages\/5269","targetHints":{"allow":["GET"]}}],"collection":[{"href":"https:\/\/berlinusk.org\/en\/wp-json\/wp\/v2\/pages"}],"about":[{"href":"https:\/\/berlinusk.org\/en\/wp-json\/wp\/v2\/types\/page"}],"author":[{"embeddable":true,"href":"https:\/\/berlinusk.org\/en\/wp-json\/wp\/v2\/users\/1"}],"replies":[{"embeddable":true,"href":"https:\/\/berlinusk.org\/en\/wp-json\/wp\/v2\/comments?post=5269"}],"version-history":[{"count":17,"href":"https:\/\/berlinusk.org\/en\/wp-json\/wp\/v2\/pages\/5269\/revisions"}],"predecessor-version":[{"id":17345,"href":"https:\/\/berlinusk.org\/en\/wp-json\/wp\/v2\/pages\/5269\/revisions\/17345"}],"wp:attachment":[{"href":"https:\/\/berlinusk.org\/en\/wp-json\/wp\/v2\/media?parent=5269"}],"curies":[{"name":"wp","href":"https:\/\/api.w.org\/{rel}","templated":true}]}}