{"id":17356,"date":"2025-04-13T22:34:58","date_gmt":"2025-04-13T20:34:58","guid":{"rendered":"https:\/\/berlinusk.org\/?page_id=17356"},"modified":"2026-04-07T12:56:25","modified_gmt":"2026-04-07T10:56:25","slug":"monatsthema","status":"publish","type":"page","link":"https:\/\/berlinusk.org\/en\/aktuell\/monatsthema\/","title":{"rendered":"monatsthema 2026"},"content":{"rendered":"<p><strong>Das neue Jahr startet mit neuem Jahresmotto: 2026 wollen wir gemeinsam Berlin entdecken, indem wir nach und nach zw\u00f6lf der vielen Ortsteile erkunden.<\/strong> Jeden Monat wird ein anderer Ortsteil im Mittelpunkt stehen und es soll immer mindestens ein offizielles Zeichentreffen geben. Das ist <em>die<\/em> Gelegenheit, mal andere Ecken kennenzulernen, verschiedene Architekturen zu sketchen und f\u00fcr diejenigen, die bisher eher passiv dabei waren, sich Zeichentreffen oder Sketchwalks passend zum jeweiligen Ortsteil zu \u00fcberlegen.<\/p>\n\n\n\n<p>Habt ihr Ideen f\u00fcr Zeichentreffen, z. B. Afterwork oder zu Uhrzeiten, die euch gut passen? Meldet euch bei unseren Admins! Wir unterst\u00fctzen beim Erstellen der Beitr\u00e4ge auf Facebook, Instagram und im Blog\/ Newsletter. Das gilt nat\u00fcrlich auch f\u00fcr Zeichentreffen in anderen Bezirken.<\/p>\n\n\n\n<p>Das Monatsthema gilt f\u00fcr den gesamten Monat. Dabei zeichnen wir nach dem Urban-Sketchers-Manifest. Was habt ihr vor Ort erlebt, was habt ihr beobachtet, gelernt, erkundet? Lasst eure Sketchb\u00fccher Geschichten erz\u00e4hlen, unterst\u00fctzt euch gegenseitig (liken, kommentieren), zeichnet gemeinsam, teilt eure Bilder! Damit sie f\u00fcr alle in unserem Profil sichtbar sind, markiert in euren Beitr\u00e4gen <strong>@berlinusk<\/strong> als Person auf dem Bild, dann k\u00f6nnen wir es freigeben und der Beitrag erscheint in unserem Profil unter dem Bilderrahmen-Symbol.<\/p>\n\n\n\n<p><strong>Happy Sketching!<\/strong><\/p>\n\n\n\n<p>Habt ihr Tipps f\u00fcr Zeichen-Spots? Schreibt sie uns als Kommentar auf <a href=\"https:\/\/www.facebook.com\/groups\/urbansketchersberlin\" target=\"_blank\" rel=\"noreferrer noopener\">Facebook<\/a> oder <a href=\"https:\/\/www.instagram.com\/berlinusk\/\" target=\"_blank\" rel=\"noreferrer noopener\">Instagram<\/a>.<\/p>\n\n\n\n<p><strong>Das Jahresmotto und die Sketch-Orte:<\/strong><br>Januar: Mitte<br>Februar: Moabit<br>M\u00e4rz: Biesdorf<br>April: Siemensstadt<br>Mai: Marzahn<br>\u2026<\/p>\n\n\n\n<hr class=\"wp-block-separator has-alpha-channel-opacity is-style-wide\"\/>\n\n\n\n<hr class=\"wp-block-separator has-alpha-channel-opacity is-style-wide\"\/>\n\n\n\n<p class=\"has-large-font-size\">Online Monatsthema Dezember 2025<\/p>\n\n\n\n<p class=\"has-secondary-color has-text-color has-link-color wp-elements-58513ab25a5666175a46a68077a3ebfb\">1.-31. Dezember | Monatsthema: \u00abBerlin im Dezember\u00bb<\/p>\n\n\n\n<p>Der Monat Dezember&nbsp; ver\u00e4ndert viele Stra\u00dfen, Pl\u00e4tze und Innenr\u00e4ume: Weihnachtsm\u00e4rkte, Lichter, besondere Dekorationen. Wir besuchen besondere Orte oder Veranstaltungen und kommen vielleicht dort auch zu einer schnellen Skizze zwischendurch&#8230; (z. B. Chorprobe, Weihnachtskonzert, Betriebs-Adventsfeier mit Braten?)<\/p>\n\n\n\n<p>Was f\u00e4llt Euch auf? Was m\u00f6chte im Skizzenbuch festgehalten werden?<br>Ich bin gespannt &#8230;<\/p>\n\n\n\n<p>Im Dezember lade ich Euch zum letzten Mal ein, zu einem Monatsthema zu zeichnen. Mir hat es Spa\u00df gemacht , mir die Themen auszudenken, und ich hoffe, Ihr hattet Freude beim Zeichnen! Danke allen, die die Themen aufgegriffen zun dazu gesketcht haben!<\/p>\n\n\n\n<p>Ich w\u00fcnsche Euch allen eine sch\u00f6ne Advents-, Weihnachts- und Dezember-Zeit! \u2013 Eure Eva<\/p>\n\n\n\n<figure class=\"wp-block-image size-full\"><img loading=\"lazy\" decoding=\"async\" width=\"600\" height=\"483\" src=\"https:\/\/berlinusk.org\/wp-content\/uploads\/2025\/12\/Dez2025_eva.jpg\" alt=\"\" class=\"wp-image-17668\" srcset=\"https:\/\/berlinusk.org\/wp-content\/uploads\/2025\/12\/Dez2025_eva.jpg 600w, https:\/\/berlinusk.org\/wp-content\/uploads\/2025\/12\/Dez2025_eva-300x242.jpg 300w, https:\/\/berlinusk.org\/wp-content\/uploads\/2025\/12\/Dez2025_eva-15x12.jpg 15w\" sizes=\"auto, (max-width: 600px) 100vw, 600px\" \/><figcaption class=\"wp-element-caption\"><em>Sketch von Eva H\u00f6fflin<\/em><\/figcaption><\/figure>\n\n\n\n<hr class=\"wp-block-separator has-alpha-channel-opacity is-style-wide\"\/>\n\n\n\n<p class=\"has-large-font-size\">Online Monatsthema November 2025<\/p>\n\n\n\n<p>Seit einiger Zeit habe ich immer einen Stift und ein kleines Skizzenheft in der Jackentasche, wenn ich mit der BVG unterwegs bin (und da ich weder Auto noch Rad habe, ist das oft). L\u00e4ngere Wartezeiten bei den Betriebsst\u00f6rungen vergehen dann fast wie im Flug!<br>Das Monatsthema umfasst aber nicht nur solche Warte-Sketche, sondern alles rund um U-Bahn, S-Bahn und Busse : Bahnsteige, Bahnh\u00f6fe, auch das Ringbahnsketchen geh\u00f6rt dazu.<\/p>\n\n\n\n<p style=\"font-style:normal;font-weight:300\">Wir probieren was Neues: 2025 bereiten wir f\u00fcr jeden Monat ein \u201eMonats-Thema\u201c vor und posten es als \u201evirtuelle Veranstaltung\u201c. Es ist eine Anregung, au\u00dferhalb der Treffen (noch mehr) zu sketchen und die Skizzen hier zu teilen. <\/p>\n\n\n\n<p class=\"has-secondary-color has-text-color has-link-color wp-elements-0ab914cd017755a26e8487a3cc530b03\">1.-30. November | Monatsthema: \u00abUnterwegs mit den \u00d6ffis\u00bb<\/p>\n\n\n\n<p style=\"font-style:normal;font-weight:300\">Das Monatsthema gilt f\u00fcr den ganzen November, dabei zeichnen wir nach dem Manifest der Urban Sketcher!<br>Bitte zeigt (wenn Ihr m\u00f6gt), was Ihr gezeichnet habt, indem Ihr bei Euren Beitr\u00e4gen <a href=\"https:\/\/www.instagram.com\/berlinusk\/?hl=de\" target=\"_blank\" rel=\"noreferrer noopener\">@berlinusk<\/a> als Person auf dem Bild markiert, dann k\u00f6nnen wir es freigeben und es erscheint in unserem Profil f\u00fcr alle sichtbar (sofern Euer Profil \u00f6ffentlich ist).<\/p>\n\n\n\n<figure class=\"wp-block-image size-full\"><img loading=\"lazy\" decoding=\"async\" width=\"800\" height=\"571\" src=\"https:\/\/berlinusk.org\/wp-content\/uploads\/2025\/11\/11Nov_eva.jpg\" alt=\"\" class=\"wp-image-17640\" srcset=\"https:\/\/berlinusk.org\/wp-content\/uploads\/2025\/11\/11Nov_eva.jpg 800w, https:\/\/berlinusk.org\/wp-content\/uploads\/2025\/11\/11Nov_eva-300x214.jpg 300w, https:\/\/berlinusk.org\/wp-content\/uploads\/2025\/11\/11Nov_eva-768x548.jpg 768w, https:\/\/berlinusk.org\/wp-content\/uploads\/2025\/11\/11Nov_eva-18x12.jpg 18w\" sizes=\"auto, (max-width: 800px) 100vw, 800px\" \/><figcaption class=\"wp-element-caption\"><em>Die Skizze oben entstand am S-Bahnhof Beusselstrasse w\u00e4hrend eines l\u00e4ngeren Aufenthaltes bei einer \u201eWeichenst\u00f6rung\u201c.<\/em> <em>Sketch von Eva H\u00f6fflin<\/em><\/figcaption><\/figure>\n\n\n\n<hr class=\"wp-block-separator has-alpha-channel-opacity is-style-wide\"\/>\n\n\n\n<p class=\"has-large-font-size\">Online Monatsthema Oktober 2025<\/p>\n\n\n\n<p>\u201eEs steht geschrieben \u2026\u201c<br>Zwar wird das Buchstaben-Museum leider wohl schlie\u00dfen, aber: Lettern und Ziffern aller Art und in vielf\u00e4ltigen Schriftarten finden sich \u00fcberall in der Stadt. Das Geschriebene im urbanen Raum schlage ich Euch als \u201eInk-freundliches\u201c Thema f\u00fcr den Oktober vor:<br>Schriftz\u00fcge \u00fcber L\u00e4den, an H\u00e4usern und Gesch\u00e4ften, Inschriften, Aufschriften, Schrift auf Schildern \u2013 nicht zu vergessen die manchmal recht kunstvollen Schriftz\u00fcge in Graffitis und &#8211; weil wir in Berlin sind \u2013 auch mal andere als unsere lateinische Schrift, wie Kyrillisch, Griechisch, Hebr\u00e4isch oder Asiatische Schriftzeichen.<br>Alles nat\u00fcrlich im urbanen Umfeld. Viel Spa\u00df!<\/p>\n\n\n\n<p class=\"has-secondary-color has-text-color has-link-color wp-elements-31dfd8373f27aab70259834d4c335d96\">1.-31. Oktober | Monatsthema: \u00abGeschriebenes\u00bb<\/p>\n\n\n\n<figure class=\"wp-block-image size-full\"><img loading=\"lazy\" decoding=\"async\" width=\"303\" height=\"432\" src=\"https:\/\/berlinusk.org\/wp-content\/uploads\/2025\/09\/Okt2025_Eva.jpg\" alt=\"\" class=\"wp-image-17610\" srcset=\"https:\/\/berlinusk.org\/wp-content\/uploads\/2025\/09\/Okt2025_Eva.jpg 303w, https:\/\/berlinusk.org\/wp-content\/uploads\/2025\/09\/Okt2025_Eva-210x300.jpg 210w, https:\/\/berlinusk.org\/wp-content\/uploads\/2025\/09\/Okt2025_Eva-8x12.jpg 8w\" sizes=\"auto, (max-width: 303px) 100vw, 303px\" \/><figcaption class=\"wp-element-caption\"><em><em>Sketch von Eva H\u00f6fflin<\/em><\/em><\/figcaption><\/figure>\n\n\n\n<hr class=\"wp-block-separator has-alpha-channel-opacity is-style-wide\"\/>\n\n\n\n<p class=\"has-large-font-size\">Online Monatsthema September 2025<\/p>\n\n\n\n<p>&nbsp;Die Br\u00fccken von Berlin \u2013 Nicht mal die KI, die ich befragt habe, will sich festlegen, wie viele Br\u00fccken es in Berlin gibt: So zwischen 1100 und 2100 sollen es sein. Je nach Z\u00e4hlweise, ob man nur Br\u00fccken \u00fcber Wasser oder auch \u00dcberf\u00fchrungen von Stra\u00dfen und Bahngleisen mitz\u00e4hlt (auf jeden Fall mehr als in Venedig mit nur rund 400 Br\u00fccken!)&nbsp; Gelegentlich muss eine abgerissen oder gesperrt werden. Im September schlage ich Euch vor: Zeichnet Br\u00fccken (oder auch mal, wie es drunter aussieht). Auch Reste von abgerissenen Br\u00fccken d\u00fcrfen gerne Teil des Monatsthemas sein.<\/p>\n\n\n\n<p class=\"has-secondary-color has-text-color has-link-color wp-elements-9d18a4d9cff0e1e69348988f73d83678\">1.-30. September | Monatsthema: \u00abDie Br\u00fccken von Berlin\u00bb<\/p>\n\n\n\n<figure class=\"wp-block-image size-full\"><img loading=\"lazy\" decoding=\"async\" width=\"800\" height=\"544\" src=\"https:\/\/berlinusk.org\/wp-content\/uploads\/2025\/08\/september_eva.jpg\" alt=\"\" class=\"wp-image-17567\" srcset=\"https:\/\/berlinusk.org\/wp-content\/uploads\/2025\/08\/september_eva.jpg 800w, https:\/\/berlinusk.org\/wp-content\/uploads\/2025\/08\/september_eva-300x204.jpg 300w, https:\/\/berlinusk.org\/wp-content\/uploads\/2025\/08\/september_eva-768x522.jpg 768w, https:\/\/berlinusk.org\/wp-content\/uploads\/2025\/08\/september_eva-18x12.jpg 18w\" sizes=\"auto, (max-width: 800px) 100vw, 800px\" \/><figcaption class=\"wp-element-caption\"><em><em>Sketch von Eva H\u00f6fflin<\/em><\/em><\/figcaption><\/figure>\n\n\n\n<hr class=\"wp-block-separator has-alpha-channel-opacity is-style-wide\"\/>\n\n\n\n<p class=\"has-large-font-size\">Online Monatsthema August 2025<\/p>\n\n\n\n<p>Gelegentlich u\u0308berfu\u0308llt und gar nicht sehr hu\u0308bsch, lassen wir ihn beim Zeichnen auch mal weg. Wenn, dann taucht er eher beil\u00e4ufig auf Berlin-Sketchen auf. Gelegentlich vielleicht auch als willkommener kleiner Farbakzent. Aber irgendwie finde ich ihn typisch fu\u0308r Berlin: Der orange Berliner M\u00fclleimer. Er darf auch gerne \u201ebeil\u00e4ufig\u201c dabei sein auf einer Skizze , muss nicht im Mittelpunkt stehen. Denn natu\u0308rlich geh\u00f6rt seine urbane Umgebung dazu \u2026 aber \u2013 dabei sein soll er!<br>Viel Spa\u00df !<\/p>\n\n\n\n<p class=\"has-secondary-color has-text-color has-link-color wp-elements-03e8b90a60e9a598933556caa3f1528a\">1.-31. August | Monatsthema: \u00abDer Berliner M\u00fclleimer\u00bb<\/p>\n\n\n\n<figure class=\"wp-block-image size-full\"><img loading=\"lazy\" decoding=\"async\" width=\"600\" height=\"417\" src=\"https:\/\/berlinusk.org\/wp-content\/uploads\/2025\/08\/August.jpg\" alt=\"\" class=\"wp-image-17538\" srcset=\"https:\/\/berlinusk.org\/wp-content\/uploads\/2025\/08\/August.jpg 600w, https:\/\/berlinusk.org\/wp-content\/uploads\/2025\/08\/August-300x209.jpg 300w, https:\/\/berlinusk.org\/wp-content\/uploads\/2025\/08\/August-18x12.jpg 18w\" sizes=\"auto, (max-width: 600px) 100vw, 600px\" \/><figcaption class=\"wp-element-caption\"><em><em>Sketch von Eva H\u00f6fflin<\/em><\/em><\/figcaption><\/figure>\n\n\n\n<hr class=\"wp-block-separator has-alpha-channel-opacity is-style-wide\"\/>\n\n\n\n<p class=\"has-large-font-size\">Online Monatsthema Juli 2025<\/p>\n\n\n\n<p>Nicht nur Havel, Spree und die vielen Seen laden zum Verweilen am Ufer und zum Sketchen ein, sondern auch Brunnen und Planschen.&nbsp; Auch alte Wasserpumpen und \u2013 als neueres Element urbaner R\u00e4ume \u2013 die rund 240 Trinkbrunnen; vielleicht auch Gartenschl\u00e4uche oder sogar Gie\u00dfkannen tragen zur Wasserversorgung bei \u2026 und werden zum Motiv f\u00fcr die Skizzenb\u00fccher.<br>Also: Was ist so los am, im, um das oder auf dem Wasser?<br>Viel Spa\u00df beim Sketchen!<\/p>\n\n\n\n<p class=\"has-secondary-color has-text-color has-link-color wp-elements-898e0992dd9e0bae64c08c0e352f8929\">1.-31. Juli | Monatsthema: \u00abNah am Wasser\u00bb<\/p>\n\n\n\n<figure class=\"wp-block-image size-full\"><img loading=\"lazy\" decoding=\"async\" width=\"800\" height=\"585\" src=\"https:\/\/berlinusk.org\/wp-content\/uploads\/2025\/07\/Juli_eva.jpg\" alt=\"\" class=\"wp-image-17488\" srcset=\"https:\/\/berlinusk.org\/wp-content\/uploads\/2025\/07\/Juli_eva.jpg 800w, https:\/\/berlinusk.org\/wp-content\/uploads\/2025\/07\/Juli_eva-300x219.jpg 300w, https:\/\/berlinusk.org\/wp-content\/uploads\/2025\/07\/Juli_eva-768x562.jpg 768w, https:\/\/berlinusk.org\/wp-content\/uploads\/2025\/07\/Juli_eva-16x12.jpg 16w\" sizes=\"auto, (max-width: 800px) 100vw, 800px\" \/><figcaption class=\"wp-element-caption\"><em><em>Sketch von Eva H\u00f6fflin<\/em><\/em><\/figcaption><\/figure>\n\n\n\n<hr class=\"wp-block-separator has-alpha-channel-opacity is-style-wide\"\/>\n\n\n\n<p class=\"has-large-font-size\">Online Monatsthema Juni 2025<\/p>\n\n\n\n<p class=\"has-secondary-color has-text-color has-link-color wp-elements-c5e0bd441e6ff9291ecbaa9d4e268e2c\">1.-30. Juni | Monatsthema: \u00abAchtung Baustelle!\u00bb<\/p>\n\n\n\n<p>Wie grau und langweilig w\u00e4re Berlin ohne all die sch\u00f6nen bunten Baustellen mit ihren&nbsp; Umleitungs- und Hinweisschildern, Sperren, Ger\u00fcsten, Bauwagen und Bagger \ud83d\ude09 Rot, Orange, Blau, Gelb&nbsp; leuchten sie auf unseren Wegen durch die Stadt . Das ist das Juni-Thema. Zeigt uns , wenn Ihr m\u00f6gt, die sch\u00f6nsten Baustellen der Stadt \u2013 gerne mit ihrer urbanen Umgebung .<\/p>\n\n\n\n<figure class=\"wp-block-image size-full\"><img loading=\"lazy\" decoding=\"async\" width=\"600\" height=\"422\" src=\"https:\/\/berlinusk.org\/wp-content\/uploads\/2025\/05\/Juni2025-Eva.jpg\" alt=\"\" class=\"wp-image-17447\" srcset=\"https:\/\/berlinusk.org\/wp-content\/uploads\/2025\/05\/Juni2025-Eva.jpg 600w, https:\/\/berlinusk.org\/wp-content\/uploads\/2025\/05\/Juni2025-Eva-300x211.jpg 300w, https:\/\/berlinusk.org\/wp-content\/uploads\/2025\/05\/Juni2025-Eva-18x12.jpg 18w\" sizes=\"auto, (max-width: 600px) 100vw, 600px\" \/><figcaption class=\"wp-element-caption\"><em><em>Sketch von Eva H\u00f6fflin<\/em><\/em><\/figcaption><\/figure>\n\n\n\n<hr class=\"wp-block-separator has-alpha-channel-opacity is-style-wide\"\/>\n\n\n\n<p class=\"has-large-font-size\">Online Monatsthema Mai 2025<\/p>\n\n\n\n<p class=\"has-secondary-color has-text-color has-link-color wp-elements-3f30004f56186fea0a8e3a8c1ac15489\">1.-31. Mai | Monatsthema: \u00ab7 Minuten h\u00f6chstens \u2026\u00bb<\/p>\n\n\n\n<p>Nur 7 Minuten entfernt von der eigenen Haust\u00fcr findet Ihr Euer Motiv f\u00fcr das USK-Monatsthema Mai!<br>Also, zeigt uns Eure allern\u00e4chste Umgebung: Im eigenen Hof, vor dem Haus, gegen\u00fcber, gleich nebenan oder nur um die Ecke! 7 Minuten zu Fu\u00df! H\u00f6chstens!<\/p>\n\n\n\n<figure class=\"wp-block-image size-full\"><img loading=\"lazy\" decoding=\"async\" width=\"800\" height=\"571\" src=\"https:\/\/berlinusk.org\/wp-content\/uploads\/2025\/04\/20250426_085525_eva.jpg\" alt=\"\" class=\"wp-image-17417\" srcset=\"https:\/\/berlinusk.org\/wp-content\/uploads\/2025\/04\/20250426_085525_eva.jpg 800w, https:\/\/berlinusk.org\/wp-content\/uploads\/2025\/04\/20250426_085525_eva-300x214.jpg 300w, https:\/\/berlinusk.org\/wp-content\/uploads\/2025\/04\/20250426_085525_eva-768x548.jpg 768w, https:\/\/berlinusk.org\/wp-content\/uploads\/2025\/04\/20250426_085525_eva-18x12.jpg 18w\" sizes=\"auto, (max-width: 800px) 100vw, 800px\" \/><figcaption class=\"wp-element-caption\"><em><em>Sketch von Eva H\u00f6fflin<\/em><\/em><br><em>Die Ansicht auf dem Bild oben habe ich vom B\u00e4ckerei-Cafe schr\u00e4g gegen\u00fcber am Mierendorffplatz gezeichnet. Das ist in Sichtweite des Hauses, in dem ich wohne, keine 5 Minuten entfernt. Ein B\u00fcrogeb\u00e4ude, und davor das Haus am Mierendorffplatz (HaM) ein kleines \u201eNachbarschafts-Kiezzentrum\u201c, in dem es von verschiedenen Beratungsangeboten, Kartenspielgruppe u. T\u00f6pferkreis bis zu kleinen Ausstellungen ein umfangreiches Angebot gibt.<br>Vor dem Haus ist eine Bushaltestelle (Bus \u00fcber kl. Tiergarten nach Pankow), und gleich daneben der Abgang zur U-Bahn<\/em>.<\/figcaption><\/figure>\n\n\n\n<hr class=\"wp-block-separator has-alpha-channel-opacity is-style-wide\"\/>\n\n\n\n<p class=\"has-large-font-size\">Online Monatsthema April 2025<\/p>\n\n\n\n<p class=\"has-secondary-color has-text-color has-link-color wp-elements-9e5802a4895ab972cbff82183d1f7286\">1.-30. April | Monatsthema: \u00abMein Freund der Baum \u2026\u00bb<\/p>\n\n\n\n<p>Berlin ist fast nirgendwo eine Steinwu\u0308ste, sondern \u2013 glu\u0308cklicherweise! \u2013 voller B\u00e4ume! Neben gro\u00dfen, altehrwu\u0308rdigen , die zum \u201eNatur-Denkmal\u201c geku\u0308rt wurden, wie z. B. die Eiche am Olympia-Stadium, gibt es die B\u00e4ume in den Stra\u00dfen und Parks . Und ganz tapfere, die sich aus dunklen Hinterhofecken zum Licht k\u00e4mpfen oder auf Verkehrsinseln zwischen Abgasen u\u0308berleben.<br>Das ist das Thema im April: Portr\u00e4tiert einen Berliner Baum. Oder mehrere. Natu\u0308rlich im \u201eurbanen Umfeld\u201c. Erz\u00e4hlt, was ihn fu\u0308r Euch besonders macht. Wer mag, kann auch zus\u00e4tzlich einen \u201eAusflug\u201c ins Nature Journaling machen und der Seite Interessantes u\u0308ber die Art, oder Detailskizzen von Blu\u0308ten, \u00c4sten, Bl\u00e4ttern oder Fru\u0308chten beifu\u0308gen.<br><\/p>\n\n\n\n<figure class=\"wp-block-image size-full\"><img loading=\"lazy\" decoding=\"async\" width=\"600\" height=\"424\" src=\"https:\/\/berlinusk.org\/wp-content\/uploads\/2025\/03\/April_eva.jpg\" alt=\"\" class=\"wp-image-17340\" srcset=\"https:\/\/berlinusk.org\/wp-content\/uploads\/2025\/03\/April_eva.jpg 600w, https:\/\/berlinusk.org\/wp-content\/uploads\/2025\/03\/April_eva-300x212.jpg 300w, https:\/\/berlinusk.org\/wp-content\/uploads\/2025\/03\/April_eva-18x12.jpg 18w\" sizes=\"auto, (max-width: 600px) 100vw, 600px\" \/><figcaption class=\"wp-element-caption\"><em><em>Sketch von Eva H\u00f6fflin<\/em><\/em><br><em>Den Magnolien-Baum in der Bleibtreustra\u00dfe, gleich beim S-Bahnhof Savigny-Platz auf dem Beispiel-Bild, habe ich schon als Teenager bewundert, als ich meinen Vater zum ersten Mal in Berlin besuchte. Immer, wenn ich dran vorbeigehe, freue ich mich, da\u00df er noch da ist und immer wieder blu\u0308ht &#8211; und erinnere mich an meinen Vater, der damals um die Ecke wohnte<\/em>.<\/figcaption><\/figure>\n\n\n\n<hr class=\"wp-block-separator has-alpha-channel-opacity is-style-wide\"\/>\n\n\n\n<p><\/p>\n\n\n\n<p class=\"has-large-font-size\">Online Monatsthema M\u00e4rz 2025<\/p>\n\n\n\n<p class=\"has-secondary-color has-text-color has-link-color wp-elements-38fa2be378c339f9615c0232cedf11e5\">1.-31. M\u00e4rz | Monatsthema: \u00abInterieur\u00bb<\/p>\n\n\n\n<p>Im M\u00e4rz gibt es nochmal ein &#8222;indoor&#8220;-Thema: Interieur. Es geht um Einrichtung. Zeigt uns Ecken Eurer Wohnungen oder B\u00fcros\/Ateliers, Ansichten aus Caf\u00e9s, Gesch\u00e4ften, Wartezimmern. Nur die Kaffeetasse reicht da nicht (das w\u00e4re ein Stillleben).<br>Das Monatsthema gilt f\u00fcr den ganzen M\u00e4rz, dabei zeichnen wir nach dem Manifest der Urban Sketcher!<br>Bitte zeigt (wenn Ihr m\u00f6gt), was Ihr gezeichnet habt, indem Ihr bei Euren Beitr\u00e4gen <a href=\"https:\/\/www.instagram.com\/berlinusk\/?hl=de\" target=\"_blank\" rel=\"noreferrer noopener\">@berlinusk<\/a> als Person auf dem Bild markiert, dann k\u00f6nnen wir es freigeben und es erscheint in unserem Profil f\u00fcr alle sichtbar (sofern Euer Profil \u00f6ffentlich ist).<\/p>\n\n\n\n<figure class=\"wp-block-image size-large\"><img loading=\"lazy\" decoding=\"async\" width=\"1024\" height=\"761\" src=\"https:\/\/berlinusk.org\/wp-content\/uploads\/2025\/02\/481786286_2681106732089954_1115473897700308013_n-1-1024x761.jpg\" alt=\"\" class=\"wp-image-17311\" srcset=\"https:\/\/berlinusk.org\/wp-content\/uploads\/2025\/02\/481786286_2681106732089954_1115473897700308013_n-1-1024x761.jpg 1024w, https:\/\/berlinusk.org\/wp-content\/uploads\/2025\/02\/481786286_2681106732089954_1115473897700308013_n-1-300x223.jpg 300w, https:\/\/berlinusk.org\/wp-content\/uploads\/2025\/02\/481786286_2681106732089954_1115473897700308013_n-1-768x570.jpg 768w, https:\/\/berlinusk.org\/wp-content\/uploads\/2025\/02\/481786286_2681106732089954_1115473897700308013_n-1-16x12.jpg 16w, https:\/\/berlinusk.org\/wp-content\/uploads\/2025\/02\/481786286_2681106732089954_1115473897700308013_n-1.jpg 1077w\" sizes=\"auto, (max-width: 1024px) 100vw, 1024px\" \/><figcaption class=\"wp-element-caption\"><em>Illustration von Katrin Merle<\/em><\/figcaption><\/figure>\n\n\n\n<hr class=\"wp-block-separator has-alpha-channel-opacity is-style-wide\"\/>\n\n\n\n<p class=\"has-large-font-size\">Online Monatsthema Februar 2025<\/p>\n\n\n\n<p><strong>\u00ab<strong>Nimm 3 !<\/strong>\u00bb<\/strong><br>Die \u201eHerausforderung\u201c ist, dass Ihr mit einer \u201elimitierten Palette\u201c sketcht, zeichnet, malt. Genau drei (3 !) unterschiedliche Farben oder Materialien in einem Urban Sketch sind erlaubt!&nbsp; Nicht mehr, nicht weniger \u2026<\/p>\n\n\n\n<p>Zum Beispiel:<br>\u2022 3 verschiedene Aquarellfarben<br>\u2022 oder 1 Bleistift, 1 Fineliner und 1 Aquarellfarbe<br>\u2022 oder Graphitstifte in 3 verschiedenen H\u00e4rtegraden<br>\u2022 oder 1 Bunstift und 2&nbsp; wasservermalbare Wachskreiden<br>\u2022 oder 1 Kohlestift, 1 R\u00f6telkreide und 1 Weissstift<br>\u2022 oder 3 Marker in verschiedenen Farben \u2026<\/p>\n\n\n\n<p>Nat\u00fcrlich darf munter gemischt und \u00fcbereinander gelegt werden. K\u00f6nner mischen ja aus 3 Aquarellfarben alles andere.<\/p>\n\n\n\n<p>Wer mag, vermerkt im Text, welche drei Materialien Ihr verwendet habt.<\/p>\n\n\n\n<p>Auf Instagram gerne taggen: <a href=\"https:\/\/www.instagram.com\/berlinusk\/\" target=\"_blank\" rel=\"noreferrer noopener\">@berlinusk<\/a> und <a href=\"https:\/\/www.instagram.com\/explore\/search\/keyword\/?q=%23berlinusk_mt_jan\" target=\"_blank\" rel=\"noreferrer noopener\">#berlinusk_mt_feb<\/a><\/p>\n\n\n\n<p>Auf Facebook auffindbar unter &#8222;Fr\u00fchere Veranstaltungen&#8220;: <a href=\"https:\/\/fb.me\/e\/91ddMrXYo\" target=\"_blank\" rel=\"noreferrer noopener\">Nimm 3! BerlinUSK Monatsthema<\/a><\/p>\n\n\n\n<figure class=\"wp-block-image size-full is-resized\"><img loading=\"lazy\" decoding=\"async\" width=\"600\" height=\"432\" src=\"https:\/\/berlinusk.org\/wp-content\/uploads\/2025\/01\/Feb2025_Eva.jpg\" alt=\"\" class=\"wp-image-17249\" style=\"width:650px;height:auto\" srcset=\"https:\/\/berlinusk.org\/wp-content\/uploads\/2025\/01\/Feb2025_Eva.jpg 600w, https:\/\/berlinusk.org\/wp-content\/uploads\/2025\/01\/Feb2025_Eva-300x216.jpg 300w\" sizes=\"auto, (max-width: 600px) 100vw, 600px\" \/><figcaption class=\"wp-element-caption\"><em>Zeichnung: Eva H\u00f6fflin<\/em><\/figcaption><\/figure>\n\n\n\n<hr class=\"wp-block-separator has-alpha-channel-opacity is-style-wide\"\/>\n\n\n\n<p class=\"has-large-font-size\">Online Monatsthema Januar 2025<\/p>\n\n\n\n<p>Online-Veranstaltung f\u00fcr den Januar 2025: <strong>\u00abDie Aussicht\u00bb<\/strong><br>Genauer: Die Aussicht aus dem\/ einem\/ mehreren Fenstern bei Euch zuhause. Hinterhof, belebte Strasse, idyllischer Garten? Wer mag, erz\u00e4hlt kurz dazu, z. B. in welchem Stadtteil das ist (bitte keine Adresse!) oder was sonst erw\u00e4hnenswert ist. Das Monatsthema gilt f\u00fcr den ganzen Januar.<\/p>\n\n\n\n<p>Auf Instagram gerne taggen: <a href=\"https:\/\/www.instagram.com\/berlinusk\/\" target=\"_blank\" rel=\"noreferrer noopener\">@berlinusk<\/a> und <a href=\"https:\/\/www.instagram.com\/explore\/search\/keyword\/?q=%23berlinusk_mt_jan\" target=\"_blank\" rel=\"noreferrer noopener\">#berlinusk_mt_jan<\/a><\/p>\n\n\n\n<p>Auf Facebook auffindbar unter &#8222;Fr\u00fchere Veranstaltungen&#8220;: <a href=\"https:\/\/fb.me\/e\/91ddMrXYo\" target=\"_blank\" rel=\"noreferrer noopener\">Aussichten BerlinUSK Monatsthema<\/a><\/p>\n\n\n\n<figure class=\"wp-block-image size-full\"><img loading=\"lazy\" decoding=\"async\" width=\"1008\" height=\"526\" src=\"https:\/\/berlinusk.org\/wp-content\/uploads\/2025\/01\/Januar2025_Eva.jpg\" alt=\"\" class=\"wp-image-17235\" srcset=\"https:\/\/berlinusk.org\/wp-content\/uploads\/2025\/01\/Januar2025_Eva.jpg 1008w, https:\/\/berlinusk.org\/wp-content\/uploads\/2025\/01\/Januar2025_Eva-300x157.jpg 300w, https:\/\/berlinusk.org\/wp-content\/uploads\/2025\/01\/Januar2025_Eva-768x401.jpg 768w\" sizes=\"auto, (max-width: 1008px) 100vw, 1008px\" \/><figcaption class=\"wp-element-caption\"><em>Zeichnung: Eva H\u00f6fflin<\/em><\/figcaption><\/figure>\n\n\n\n<hr class=\"wp-block-separator has-alpha-channel-opacity is-style-wide\"\/>\n\n\n\n<div class=\"wp-block-query is-layout-flow wp-block-query-is-layout-flow\"><ul class=\"wp-block-post-template is-layout-flow wp-block-post-template-is-layout-flow\"><li class=\"wp-block-post post-9814 post type-post status-publish format-standard has-post-thumbnail hentry category-info\">\n<figure style=\"aspect-ratio:auto;\" class=\"wp-block-post-featured-image\"><a href=\"https:\/\/berlinusk.org\/en\/info\/30-mai-2-juni-urban-sketching-auf-dem-comicsalon-erlangen\/\" target=\"_self\"  ><img loading=\"lazy\" decoding=\"async\" width=\"1000\" height=\"1000\" src=\"https:\/\/berlinusk.org\/wp-content\/uploads\/2024\/04\/240419-CoSaErlangen-Insta-015.jpg\" class=\"attachment-post-thumbnail size-post-thumbnail wp-post-image\" alt=\"30. Mai &#8211; 2. Juni | Urban Sketching auf dem Comicsalon Erlangen\" style=\"width:100%;height:100%;object-fit:cover;\" srcset=\"https:\/\/berlinusk.org\/wp-content\/uploads\/2024\/04\/240419-CoSaErlangen-Insta-015.jpg 1000w, https:\/\/berlinusk.org\/wp-content\/uploads\/2024\/04\/240419-CoSaErlangen-Insta-015-300x300.jpg 300w, https:\/\/berlinusk.org\/wp-content\/uploads\/2024\/04\/240419-CoSaErlangen-Insta-015-150x150.jpg 150w, https:\/\/berlinusk.org\/wp-content\/uploads\/2024\/04\/240419-CoSaErlangen-Insta-015-768x768.jpg 768w\" sizes=\"auto, (max-width: 1000px) 100vw, 1000px\" \/><\/a><\/figure>\n\n\n<div class=\"wp-block-group is-nowrap is-layout-flex wp-container-core-group-is-layout-89a94f6a wp-block-group-is-layout-flex\"><div style=\"font-style:normal;font-weight:600;\" class=\"wp-block-post-date has-medium-font-size\"><time datetime=\"2024-04-30T10:29:31+02:00\">30 Apr 2024<\/time><\/div>\n\n\n<p class=\"has-medium-font-size\">|<\/p>\n\n\n<div class=\"wp-block-post-author-name has-medium-font-size\">RS<\/div><\/div>\n\n\n<h3 style=\"margin-top:0;margin-bottom:0;\" class=\"wp-block-post-title\"><a href=\"https:\/\/berlinusk.org\/en\/info\/30-mai-2-juni-urban-sketching-auf-dem-comicsalon-erlangen\/\" target=\"_self\" >30. Mai &#8211; 2. Juni | Urban Sketching auf dem Comicsalon Erlangen<\/a><\/h3>\n\n\n<hr class=\"wp-block-separator has-alpha-channel-opacity is-style-wide\"\/>\n\n<\/li><li class=\"wp-block-post post-9722 post type-post status-publish format-standard hentry category-info\">\n\n\n\n<div class=\"wp-block-group is-nowrap is-layout-flex wp-container-core-group-is-layout-89a94f6a wp-block-group-is-layout-flex\"><div style=\"font-style:normal;font-weight:600;\" class=\"wp-block-post-date has-medium-font-size\"><time datetime=\"2024-04-05T13:56:31+02:00\">5 Apr 2024<\/time><\/div>\n\n\n<p class=\"has-medium-font-size\">|<\/p>\n\n\n<div class=\"wp-block-post-author-name has-medium-font-size\">RS<\/div><\/div>\n\n\n<h3 style=\"margin-top:0;margin-bottom:0;\" class=\"wp-block-post-title\"><a href=\"https:\/\/berlinusk.org\/en\/info\/25-april-2024-ausstellungseroeffnung-faszination-rom-marten-van-heemskerck\/\" target=\"_self\" >25. April 2024 | Ausstellungser\u00f6ffnung &#8222;Faszination Rom. Marten van Heemskerck &#8222;<\/a><\/h3>\n\n\n<hr class=\"wp-block-separator has-alpha-channel-opacity is-style-wide\"\/>\n\n<\/li><li class=\"wp-block-post post-9707 post type-post status-publish format-standard hentry category-info\">\n\n\n\n<div class=\"wp-block-group is-nowrap is-layout-flex wp-container-core-group-is-layout-89a94f6a wp-block-group-is-layout-flex\"><div style=\"font-style:normal;font-weight:600;\" class=\"wp-block-post-date has-medium-font-size\"><time datetime=\"2023-12-29T12:57:48+02:00\">29 Dec 2023<\/time><\/div>\n\n\n<p class=\"has-medium-font-size\">|<\/p>\n\n\n<div class=\"wp-block-post-author-name has-medium-font-size\">RS<\/div><\/div>\n\n\n<h3 style=\"margin-top:0;margin-bottom:0;\" class=\"wp-block-post-title\"><a href=\"https:\/\/berlinusk.org\/en\/info\/29-12-2023-usk-deutschlandtreffen-2024-in-leipzig\/\" target=\"_self\" >USK Deutschlandtreffen 2024 in Leipzig<\/a><\/h3>\n\n\n<hr class=\"wp-block-separator has-alpha-channel-opacity is-style-wide\"\/>\n\n<\/li><\/ul>\n\n<div class=\"wp-block-apedestrian-infinite-scroll\" id=\"apedestrian-infinite-scroll-3\">\n\t<pre class=\"apedestrian-infinite-scroll-data\" style=\"display:none\">{&quot;loadingDistance&quot;:1200,&quot;stickyPosts&quot;:[],&quot;nextPageLink&quot;:&quot;\/en\/wp-json\/wp\/v2\/pages\/17356?query-3-page=2&quot;,&quot;queryId&quot;:3}<\/pre>\n\t\n\n<div class=\"wp-block-apedestrian-infinite-scroll-loading\">\n<p>Loading posts&#8230;<\/p>\n<\/div>\n\n\n\n<div class=\"wp-block-apedestrian-infinite-scroll-end wp-block-apedestrian-infinite-scroll-end--hidden\">\n<p>No more posts<\/p>\n<\/div>\n\n<\/div>\n\n<\/div>","protected":false},"excerpt":{"rendered":"<p>Das neue Jahr startet mit neuem Jahresmotto: 2026 wollen wir gemeinsam Berlin entdecken, indem wir nach und nach zw\u00f6lf der vielen Ortsteile erkunden. Jeden Monat wird ein anderer Ortsteil im Mittelpunkt stehen und es soll immer mindestens ein offizielles Zeichentreffen geben. Das ist die Gelegenheit, mal andere Ecken kennenzulernen, verschiedene Architekturen zu sketchen und f\u00fcr [&hellip;]<\/p>\n","protected":false},"author":18,"featured_media":0,"parent":5269,"menu_order":0,"comment_status":"closed","ping_status":"closed","template":"","meta":{"footnotes":""},"class_list":["post-17356","page","type-page","status-publish","hentry"],"mb":[],"mfb_rest_fields":["title"],"post_mailing_queue_ids":[],"_links":{"self":[{"href":"https:\/\/berlinusk.org\/en\/wp-json\/wp\/v2\/pages\/17356","targetHints":{"allow":["GET"]}}],"collection":[{"href":"https:\/\/berlinusk.org\/en\/wp-json\/wp\/v2\/pages"}],"about":[{"href":"https:\/\/berlinusk.org\/en\/wp-json\/wp\/v2\/types\/page"}],"author":[{"embeddable":true,"href":"https:\/\/berlinusk.org\/en\/wp-json\/wp\/v2\/users\/18"}],"replies":[{"embeddable":true,"href":"https:\/\/berlinusk.org\/en\/wp-json\/wp\/v2\/comments?post=17356"}],"version-history":[{"count":19,"href":"https:\/\/berlinusk.org\/en\/wp-json\/wp\/v2\/pages\/17356\/revisions"}],"predecessor-version":[{"id":17801,"href":"https:\/\/berlinusk.org\/en\/wp-json\/wp\/v2\/pages\/17356\/revisions\/17801"}],"up":[{"embeddable":true,"href":"https:\/\/berlinusk.org\/en\/wp-json\/wp\/v2\/pages\/5269"}],"wp:attachment":[{"href":"https:\/\/berlinusk.org\/en\/wp-json\/wp\/v2\/media?parent=17356"}],"curies":[{"name":"wp","href":"https:\/\/api.w.org\/{rel}","templated":true}]}}